{"id":3515,"date":"2024-02-02T13:50:07","date_gmt":"2024-02-02T13:50:07","guid":{"rendered":"https:\/\/c-t.sk\/?page_id=3515"},"modified":"2026-03-19T07:54:04","modified_gmt":"2026-03-19T07:54:04","slug":"kontakty-en","status":"publish","type":"page","link":"https:\/\/c-t.sk\/kontakty-en\/","title":{"rendered":"ODDZIA\u0141Y"},"content":{"rendered":"<div class=\"bt_rc_container\"><section id=\"bt_section69f4a6b42bf53\" data-parallax=\"0.1\" data-parallax-offset=\"-50\" class=\"boldSection topExtraSpaced bottomMoreSpaced btDarkSkin gutter inherit btParallax wBackground cover\" style=\"background-image:url('https:\/\/c-t.sk\/wp-content\/uploads\/2021\/10\/CT-cargoport-banner-uvodny-01-scaled.jpg');\"><div class=\"port\"><div class=\"boldCell\"><div class=\"boldCellInner\"><div class=\"boldRow \" ><div class=\"rowItem col-md-12 col-ms-12  btTextLeft animate animate-fadein animate-moveleft inherit\"  ><div class=\"rowItemContent\"><header class=\"header btClear extralarge btDash bottomDash  btAccentDash btRegularTitle\" style=\"max-width: 800px;\"><p class=\"btSuperTitle\">S\u00eddlime v 6 slovensk\u00fdch mest\u00e1ch<\/p><div class=\"dash\"><h1><span class=\"headline\">ODDZIA\u0141Y<\/span><\/h1><\/div><p class=\"btSubTitle\">Jeste\u015bmy do Waszej dyspozycji<\/p><\/header><div class=\"btClear btSeparator bottomSemiSpaced noBorder\" ><hr><\/div><\/div><\/div><\/div><\/div><\/div><\/div><\/section><section id=\"bt_section69f4a6b42c7fa\" data-parallax=\"0.1\" data-parallax-offset=\"-50\" class=\"boldSection topExtraSpaced bottomMoreSpaced btDarkSkin gutter inherit btParallax wBackground cover\" style=\"background-color:#1e73be;background-image:url('https:\/\/c-t.sk\/wp-content\/uploads\/2015\/09\/Transparent-background-with-dots.png');\"><div class=\"port\"><div class=\"boldCell\"><div class=\"boldCellInner\"><div class=\"boldRow \" ><div class=\"rowItem col-md-12 col-ms-12  btTextCenter btMiddleVertical\"  ><div class=\"rowItemContent\"><div class=\"btIconImageRow\" ><div class=\"btIco accent medium\"><span  data-ico-fa=\"&#xf1ad;\" class=\"btIcoHolder\"><\/span><\/div><\/div><div class=\"btText\"><h5 style=\"text-align: center; color: #ffffff;\">G\u0142\u00f3wne biuro:&nbsp;Partiz\u00e1nska cesta 2733\/97, 974 01 Bansk\u00e1 Bystrica<\/h5>\n<\/div><\/div><\/div><\/div><\/div><\/div><\/div><\/section><section id=\"bt_section69f4a6b42d1dc\"  class=\"boldSection topSpaced bottomSpaced gutter inherit wBackground cover\" style=\"background-image:url('https:\/\/c-t.sk\/wp-content\/uploads\/2015\/09\/Transparent-background-with-dots.png');\"><div class=\"port\"><div class=\"boldCell\"><div class=\"boldCellInner\"><div class=\"boldRow \" ><div class=\"rowItem col-sm-4 col-ms-12 btTextCenter animate animate-fadein inherit\"  ><div class=\"rowItemContent\"><div class=\"bpgPhoto btTextCenter\" ><div class=\"btImage\"><img src=\"https:\/\/c-t.sk\/wp-content\/uploads\/2021\/10\/BA-locale.jpg\" alt=\"BA-locale.jpg\"><\/div><\/div><div class=\"btPriceTable \" ><div class=\"btPriceTableHeader btDarkSkin\"><div class=\"btPriceTableSticker\"><div><div>NOWY<\/div><\/div><\/div><header class=\"header btClear large btDash bottomDash\" ><p class=\"btSuperTitle\">Bratislava<\/p><div class=\"dash\"><h2><span class=\"headline\"><span class=\"btPriceTableCurrency\">Oddzia\u0142 Regionalny<\/span><\/span><\/h2><\/div><p class=\"btSubTitle\">Galvaniho 7\/D , 841 02 Bratislava<\/p><\/header><\/div><!-- \/ptHeader -->\n\t\t\t<ul><li>Osoba kontaktowa:\r<\/li><li>Petra Jan\u0161\u00edkov\u00e1\r<\/li><li>+421 911 723 049\r<\/li><li>jansikova@c-t.sk\r\n<\/li><\/ul>\n\t\t<\/div><div class=\"btClear btSeparator topSmallSpaced noBorder\" ><hr><\/div><div class=\"btClear btSeparator topSemiSpaced noBorder\" ><hr><\/div><div class=\"servicesItem  smallIcon accentIconType \"><div class=\"sIcon\"><div class=\"btIco small accent\"><span  data-ico-s7=\"&#xe60b;\" class=\"btIcoHolder\"><\/span><\/div><\/div><div class=\"sTxt\"><header class=\"header btClear extrasmall\" ><div class=\"dash\"><h4><span class=\"headline\">godziny pracy<\/span><\/h4><\/div><\/header><p>8:00 &#8211; 17:00<br><\/p><\/div><\/div><\/div><\/div><div class=\"rowItem col-sm-4 col-ms-12 btTextCenter animate animate-fadein inherit\"  ><div class=\"rowItemContent\"><div class=\"bpgPhoto btTextCenter\" ><div class=\"btImage\"><img src=\"https:\/\/c-t.sk\/wp-content\/uploads\/2021\/10\/BB-locale.jpg\" alt=\"BB-locale.jpg\"><\/div><\/div><div class=\"btPriceTable \" ><div class=\"btPriceTableHeader btDarkSkin\"><header class=\"header btClear large btDash bottomDash\" ><p class=\"btSuperTitle\">Bansk\u00e1 Bystrica<\/p><div class=\"dash\"><h2><span class=\"headline\"><span class=\"btPriceTableCurrency\">Oddzia\u0142 Regionalny i adres korespondencyjny<\/span><\/span><\/h2><\/div><p class=\"btSubTitle\">Hurbanova 5777\/14 A, 974 01 Bansk\u00e1 Bystrica<\/p><\/header><\/div><!-- \/ptHeader -->\n\t\t\t<ul><li>osoba kontaktowa:\r<\/li><li>Silvia \u0160ev\u010d\u00edkov\u00e1\r<\/li><li>+ 421 911 723 444\r<\/li><li>sevcikova@c-t.sk<\/li><\/ul>\n\t\t<\/div><div class=\"btClear btSeparator topSmallSpaced noBorder\" ><hr><\/div><div class=\"btClear btSeparator topSemiSpaced noBorder\" ><hr><\/div><div class=\"servicesItem  smallIcon accentIconType \"><div class=\"sIcon\"><div class=\"btIco small accent\"><span  data-ico-s7=\"&#xe60b;\" class=\"btIcoHolder\"><\/span><\/div><\/div><div class=\"sTxt\"><header class=\"header btClear extrasmall\" ><div class=\"dash\"><h4><span class=\"headline\">godziny pracy<\/span><\/h4><\/div><\/header><p>8:00 &#8211; 17:00<br><\/p><\/div><\/div><\/div><\/div><div class=\"rowItem col-sm-4 col-ms-12 btTextCenter animate animate-fadein inherit\"  ><div class=\"rowItemContent\"><div class=\"bpgPhoto btTextCenter\" ><div class=\"btImage\"><img src=\"https:\/\/c-t.sk\/wp-content\/uploads\/2021\/10\/BB-locale.jpg\" alt=\"BB-locale.jpg\"><\/div><\/div><div class=\"btPriceTable \" ><div class=\"btPriceTableHeader btDarkSkin\"><header class=\"header btClear large btDash bottomDash\" ><p class=\"btSuperTitle\">Bansk\u00e1 Bystrica<\/p><div class=\"dash\"><h2><span class=\"headline\"><span class=\"btPriceTableCurrency\">Agencja Celna<\/span><\/span><\/h2><\/div><p class=\"btSubTitle\">Zvolensk\u00e1 cesta 36, 974 05 Bansk\u00e1 Bystrica<\/p><\/header><\/div><!-- \/ptHeader -->\n\t\t\t<ul><li>osoba kontaktowa:\r<\/li><li>Tatiana Lihanov\u00e1\r<\/li><li>+ 421 911 723 999\r<\/li><li>c-t@c-t.sk\r\n<\/li><\/ul>\n\t\t<\/div><div class=\"btClear btSeparator topSmallSpaced noBorder\" ><hr><\/div><div class=\"btClear btSeparator topSemiSpaced noBorder\" ><hr><\/div><div class=\"servicesItem  smallIcon accentIconType \"><div class=\"sIcon\"><div class=\"btIco small accent\"><span  data-ico-s7=\"&#xe60b;\" class=\"btIcoHolder\"><\/span><\/div><\/div><div class=\"sTxt\"><header class=\"header btClear extrasmall\" ><div class=\"dash\"><h4><span class=\"headline\">godziny pracy<\/span><\/h4><\/div><\/header><p>8:00 &#8211; 17:00<br><\/p><\/div><\/div><\/div><\/div><\/div><div class=\"boldRow \" ><div class=\"rowItem col-md-12 col-ms-12  btTextCenter animate animate-fadein inherit\"  ><div class=\"rowItemContent\"><div class=\"btClear btSeparator topSpaced noBorder\" ><hr><\/div><\/div><\/div><\/div><div class=\"boldRow \" ><div class=\"rowItem col-sm-4 col-ms-12 btTextCenter animate animate-fadein inherit\"  ><div class=\"rowItemContent\"><div class=\"bpgPhoto btTextCenter\" ><div class=\"btImage\"><img src=\"https:\/\/c-t.sk\/wp-content\/uploads\/2021\/10\/ZV-locale.jpg\" alt=\"ZV-locale.jpg\"><\/div><\/div><div class=\"btPriceTable \" ><div class=\"btPriceTableHeader btDarkSkin\"><header class=\"header btClear large btDash bottomDash\" ><p class=\"btSuperTitle\">Zvolen<\/p><div class=\"dash\"><h2><span class=\"headline\"><span class=\"btPriceTableCurrency\">Agencja Celna<\/span><\/span><\/h2><\/div><p class=\"btSubTitle\">Balk\u00e1n 53 960 01 Zvolen<\/p><\/header><\/div><!-- \/ptHeader -->\n\t\t\t<ul><li>Kontakt:\r<\/li><li>mobil: +421 911 823 444\r<\/li><li>e-mail: bbystrica@c-t.sk\r<\/li><li>.\r\n<\/li><\/ul>\n\t\t<\/div><div class=\"btClear btSeparator topSmallSpaced noBorder\" ><hr><\/div><div class=\"btClear btSeparator topSemiSpaced noBorder\" ><hr><\/div><div class=\"servicesItem  smallIcon accentIconType \"><div class=\"sIcon\"><div class=\"btIco small accent\"><span  data-ico-s7=\"&#xe60b;\" class=\"btIcoHolder\"><\/span><\/div><\/div><div class=\"sTxt\"><header class=\"header btClear extrasmall\" ><div class=\"dash\"><h4><span class=\"headline\">godziny pracy<\/span><\/h4><\/div><\/header><p>7:30 &#8211; 16:00<br><\/p><\/div><\/div><\/div><\/div><div class=\"rowItem col-sm-4 col-ms-12 btTextCenter animate animate-fadein inherit\"  ><div class=\"rowItemContent\"><div class=\"bpgPhoto btTextCenter\" ><div class=\"btImage\"><img src=\"https:\/\/c-t.sk\/wp-content\/uploads\/2021\/10\/PO-locale.jpg\" alt=\"PO-locale.jpg\"><\/div><\/div><div class=\"btPriceTable \" ><div class=\"btPriceTableHeader btDarkSkin\"><header class=\"header btClear large btDash bottomDash\" ><p class=\"btSuperTitle\">Pre\u0161ov<\/p><div class=\"dash\"><h2><span class=\"headline\"><span class=\"btPriceTableCurrency\">Agencja Celna<\/span><\/span><\/h2><\/div><p class=\"btSubTitle\">Ko\u0161ick\u00e1 26 081 62 Pre\u0161ov<\/p><\/header><\/div><!-- \/ptHeader -->\n\t\t\t<ul><li>Kontakt:\r<\/li><li>mobil: +421 911 923 666\r<\/li><li>mobil: +421 911 923 777\r<\/li><li>e-mail: presov@c-t.sk<\/li><\/ul>\n\t\t<\/div><div class=\"btClear btSeparator topSmallSpaced noBorder\" ><hr><\/div><div class=\"btClear btSeparator topSemiSpaced noBorder\" ><hr><\/div><div class=\"servicesItem  smallIcon accentIconType \"><div class=\"sIcon\"><div class=\"btIco small accent\"><span  data-ico-s7=\"&#xe60b;\" class=\"btIcoHolder\"><\/span><\/div><\/div><div class=\"sTxt\"><header class=\"header btClear extrasmall\" ><div class=\"dash\"><h4><span class=\"headline\">godziny pracy<\/span><\/h4><\/div><\/header><p>7:00 &#8211; 19:00<br><\/p><\/div><\/div><\/div><\/div><div class=\"rowItem col-sm-4 col-ms-12 btTextCenter animate animate-fadein inherit\"  ><div class=\"rowItemContent\"><div class=\"bpgPhoto btTextCenter\" ><div class=\"btImage\"><img src=\"https:\/\/c-t.sk\/wp-content\/uploads\/2021\/10\/KE-locale.jpg\" alt=\"KE-locale.jpg\"><\/div><\/div><div class=\"btPriceTable \" ><div class=\"btPriceTableHeader btDarkSkin\"><header class=\"header btClear large btDash bottomDash\" ><p class=\"btSuperTitle\">Ko\u0161ice<\/p><div class=\"dash\"><h2><span class=\"headline\"><span class=\"btPriceTableCurrency\">Agencja Celna<\/span><\/span><\/h2><\/div><p class=\"btSubTitle\">Are\u00e1l prekladisko Ko\u0161ice, 044 57 Haniska<\/p><\/header><\/div><!-- \/ptHeader -->\n\t\t\t<ul><li>mobil: +421 911 923 444\r<\/li><li>mobil: +421 911 823 221\r<\/li><li>e-mail: kosice@c-t.sk\r<\/li><li>e-mail: manager.kosice@c-t.sk<\/li><\/ul>\n\t\t<\/div><div class=\"btClear btSeparator topSmallSpaced noBorder\" ><hr><\/div><div class=\"btClear btSeparator topSemiSpaced noBorder\" ><hr><\/div><div class=\"servicesItem  smallIcon accentIconType \"><div class=\"sIcon\"><div class=\"btIco small accent\"><span  data-ico-s7=\"&#xe60b;\" class=\"btIcoHolder\"><\/span><\/div><\/div><div class=\"sTxt\"><header class=\"header btClear extrasmall\" ><div class=\"dash\"><h4><span class=\"headline\">godziny pracy<\/span><\/h4><\/div><\/header><p>24\/7<br><\/p><\/div><\/div><\/div><\/div><\/div><div class=\"boldRow \" ><div class=\"rowItem col-sm-4 col-ms-12 btTextCenter animate animate-fadein inherit\"  ><div class=\"rowItemContent\"><div class=\"bpgPhoto btTextCenter\" ><div class=\"btImage\"><img src=\"https:\/\/c-t.sk\/wp-content\/uploads\/2021\/10\/Dolny-Kubin.jpg\" alt=\"Dolny-Kubin.jpg\"><\/div><\/div><div class=\"btPriceTable \" ><div class=\"btPriceTableHeader btDarkSkin\"><header class=\"header btClear large btDash bottomDash\" ><p class=\"btSuperTitle\">Doln\u00fd Kub\u00edn<\/p><div class=\"dash\"><h2><span class=\"headline\"><span class=\"btPriceTableCurrency\">Dzia\u0142 Ksi\u0119gowo\u015bci<\/span><\/span><\/h2><\/div><p class=\"btSubTitle\">Radlinsk\u00e9ho 1712\/34 026 01 Doln\u00fd Kub\u00edn<\/p><\/header><\/div><!-- \/ptHeader -->\n\t\t\t<ul><li>Kontakt:\r<\/li><li>mobil: +421 911 823 333\r<\/li><li>e-mail: uctovnictvo@c-t.sk\r<\/li><li>.<\/li><\/ul>\n\t\t<\/div><div class=\"btClear btSeparator topSmallSpaced noBorder\" ><hr><\/div><div class=\"btClear btSeparator topSemiSpaced noBorder\" ><hr><\/div><div class=\"servicesItem  smallIcon accentIconType \"><div class=\"sIcon\"><div class=\"btIco small accent\"><span  data-ico-s7=\"&#xe60b;\" class=\"btIcoHolder\"><\/span><\/div><\/div><div class=\"sTxt\"><header class=\"header btClear extrasmall\" ><div class=\"dash\"><h4><span class=\"headline\">godziny pracy<\/span><\/h4><\/div><\/header><p>7:30 &#8211; 16:00<br><\/p><\/div><\/div><\/div><\/div><div class=\"rowItem col-sm-4 col-ms-12 btTextCenter animate animate-fadein inherit\"  ><div class=\"rowItemContent\"><div class=\"bpgPhoto btTextCenter\" ><div class=\"btImage\"><img src=\"https:\/\/c-t.sk\/wp-content\/uploads\/2021\/11\/RK-locale.png\" alt=\"RK-locale.png\"><\/div><\/div><div class=\"btPriceTable \" ><div class=\"btPriceTableHeader btDarkSkin\"><header class=\"header btClear large btDash bottomDash\" ><p class=\"btSuperTitle\">Ru\u017eomberok<\/p><div class=\"dash\"><h2><span class=\"headline\"><span class=\"btPriceTableCurrency\">Oddzia\u0142 &#8211; magazyn<\/span><\/span><\/h2><\/div><p class=\"btSubTitle\">Are\u00e1l Texicom, 034 01 Ru\u017eomberok-Ryb\u00e1rpole<\/p><\/header><\/div><!-- \/ptHeader -->\n\t\t\t<ul><li>Kontaktn\u00e1 osoba:\r<\/li><li>Kristi\u00e1n Luk\u00e1\u010dik\r<\/li><li>mobil: +421 910 593 973\r<\/li><li>e-mail: lukacik@c-t.sk <\/li><\/ul>\n\t\t<\/div><div class=\"btClear btSeparator topSmallSpaced noBorder\" ><hr><\/div><div class=\"btClear btSeparator topSemiSpaced noBorder\" ><hr><\/div><div class=\"servicesItem  smallIcon accentIconType \"><div class=\"sIcon\"><div class=\"btIco small accent\"><span  data-ico-s7=\"&#xe60b;\" class=\"btIcoHolder\"><\/span><\/div><\/div><div class=\"sTxt\"><header class=\"header btClear extrasmall\" ><div class=\"dash\"><h4><span class=\"headline\">Godziny pracy<\/span><\/h4><\/div><\/header><p>7:00 &#8211; 19:00<br><\/p><\/div><\/div><\/div><\/div><div class=\"rowItem col-sm-4 col-ms-12 btTextCenter animate animate-fadein inherit\"  ><div class=\"rowItemContent\"><\/div><\/div><\/div><\/div><\/div><\/div><\/section><section id=\"bt_section69f4a6b432f60\"  class=\"boldSection btDarkSkin gutter inherit\" style=\"background-color:#ffffff;\"><div class=\"port\"><div class=\"boldCell\"><div class=\"boldCellInner\"><div class=\"boldRow \" ><div class=\"rowItem col-md-12 col-ms-12  btTextLeft animate animate-fadein inherit\"  ><div class=\"rowItemContent\"><div class=\"btClear btSeparator topSmallSpaced bottomSmallSpaced noBorder\" ><hr><\/div><\/div><\/div><\/div><div class=\"boldRow \" ><div class=\"rowItem col-sm-4 col-ms-12 btTextLeft animate animate-fadein animate-moveright btMiddleVertical\"  ><div class=\"rowItemContent\"><\/div><\/div><div class=\"rowItem col-sm-4 col-ms-12 btTextCenter inherit\"  ><div class=\"rowItemContent\"><div class=\"btText\"><p style=\"text-align: center; color: #000000;\"><strong>C&amp;T a.s.&nbsp;jest cz\u0142onkiem grupy :&nbsp;<\/strong><\/p>\n<\/div><div class=\"bpgPhoto btTextCenter\" ><div class=\"btImage\"><img src=\"https:\/\/c-t.sk\/wp-content\/uploads\/2022\/07\/CESMAD.png\" alt=\"c-t-klient-Cesmad-Slovakia\"><\/div><\/div><\/div><\/div><div class=\"rowItem col-sm-4 col-ms-12 btTextLeft\"  ><div class=\"rowItemContent\"><\/div><\/div><\/div><\/div><\/div><\/div><\/section><section id=\"bt_section69f4a6b433d99\"  class=\"boldSection btDarkSkin gutter inherit\" style=\"background-color:#7bc63d;\"><div class=\"port\"><div class=\"boldCell\"><div class=\"boldCellInner\"><div class=\"boldRow \" ><div class=\"rowItem col-md-12 col-ms-12  btTextLeft animate animate-fadein inherit\"  ><div class=\"rowItemContent\"><div class=\"btClear btSeparator topSmallSpaced bottomSmallSpaced noBorder\" ><hr><\/div><\/div><\/div><\/div><div class=\"boldRow \" ><div class=\"rowItem col-md-3 col-sm-6 col-ms-12 btTextLeft animate animate-fadein animate-moveright btMiddleVertical\"  ><div class=\"rowItemContent\"><\/div><\/div><div class=\"rowItem col-md-3 col-sm-6 col-ms-12 btTextRight animate animate-fadein animate-moveleft btMiddleVertical\"  ><div class=\"rowItemContent\"><header class=\"header btClear medium  btAccentDash btRegularTitle\" ><p class=\"btSuperTitle\">Timocom ID:<\/p><div class=\"dash\"><h3><span class=\"headline\">230206<\/span><\/h3><\/div><\/header><\/div><\/div><div class=\"rowItem col-md-3 col-sm-6 col-ms-12 btTextLeft\"  ><div class=\"rowItemContent\"><header class=\"header btClear medium  btAccentDash btRegularTitle\" ><p class=\"btSuperTitle\">Rall:<\/p><div class=\"dash\"><h3><span class=\"headline\">6VC<\/span><\/h3><\/div><\/header><\/div><\/div><div class=\"rowItem col-md-3 col-sm-6 col-ms-12 btTextLeft\"  ><div class=\"rowItemContent\"><\/div><\/div><\/div><div class=\"boldRow \" ><div class=\"rowItem col-md-12 col-ms-12  btTextLeft\"  ><div class=\"rowItemContent\"><div class=\"btClear btSeparator topSmallSpaced bottomSmallSpaced noBorder\" ><hr><\/div><\/div><\/div><\/div><\/div><\/div><\/div><\/section><section id=\"bt_section69f4a6b43433f\"  class=\"boldSection btDarkSkin gutter inherit\" style=\"background-color:#0b61aa;\"><div class=\"port\"><div class=\"boldCell\"><div class=\"boldCellInner\"><div class=\"boldRow \" ><div class=\"rowItem col-md-12 col-ms-12  btTextLeft animate animate-fadein inherit\"  ><div class=\"rowItemContent\"><div class=\"btClear btSeparator topSmallSpaced bottomSmallSpaced noBorder\" ><hr><\/div><\/div><\/div><\/div><div class=\"boldRow \" ><div class=\"rowItem col-md-9 col-ms-12  btTextLeft animate animate-fadein animate-moveright btMiddleVertical\"  ><div class=\"rowItemContent\"><header class=\"header btClear medium  btAccentDash btRegularTitle\" ><p class=\"btSuperTitle\">Potrzebujesz wyceny?<\/p><div class=\"dash\"><h3><span class=\"headline\">przygotujemy w przeci\u0105gu 24 godzin&nbsp;<\/span><\/h3><\/div><\/header><\/div><\/div><div class=\"rowItem col-md-3 col-sm-6 col-ms-12 btTextRight animate animate-fadein animate-moveleft btMiddleVertical\"  ><div class=\"rowItemContent\"><div class=\"btBtn btBtn btnOutline btnIconLeftPosition btnLightColor btnBig btnNormal btnIco\" ><div class=\"btIco borderless extrasmall\"><a href=\"\/services\/cost-calculators\/\"  data-ico-fa=\"&#xf1ec;\" class=\"btIcoHolder\"><span>z\u0142\u00f3\u017a zapytanie<\/span><\/a><\/div><\/div><\/div><\/div><\/div><div class=\"boldRow \" ><div class=\"rowItem col-md-12 col-ms-12  btTextLeft\"  ><div class=\"rowItemContent\"><div class=\"btClear btSeparator topSmallSpaced bottomSmallSpaced noBorder\" ><hr><\/div><\/div><\/div><\/div><\/div><\/div><\/div><\/section><\/div>","protected":false},"excerpt":{"rendered":"<p>S\u00eddlime v 6 slovensk\u00fdch mest\u00e1chODDZIA\u0141YJeste\u015bmy do Waszej dyspozycjiG\u0142\u00f3wne biuro:&nbsp;Partiz\u00e1nska cesta 2733\/97, 974 01 Bansk\u00e1 Bystrica NOWYBratislavaOddzia\u0142 RegionalnyGalvaniho 7\/D , 841 02 Bratislava Osoba kontaktowa: Petra Jan\u0161\u00edkov\u00e1 +421 911 723 049 jansikova@c-t.sk godziny pracy8:00 &#8211; 17:00Bansk\u00e1 BystricaOddzia\u0142 Regionalny i adres korespondencyjnyHurbanova 5777\/14 A, 974 01 Bansk\u00e1 Bystrica osoba kontaktowa: Silvia \u0160ev\u010d\u00edkov\u00e1 + 421 911 723 444 [&hellip;]<\/p>\n","protected":false},"author":5,"featured_media":0,"parent":0,"menu_order":0,"comment_status":"closed","ping_status":"closed","template":"","meta":{"inline_featured_image":false},"yoast_head":"<!-- This site is optimized with the Yoast SEO plugin v18.7 - https:\/\/yoast.com\/wordpress\/plugins\/seo\/ -->\n<title>ODDZIA\u0141Y<\/title>\n<meta name=\"description\" content=\"[bt_section layout=&quot;boxed&quot; top_spaced=&quot;topExtraSpaced&quot; bottom_spaced=&quot;bottomMoreSpaced&quot; skin=&quot;dark&quot; full_screen=&quot;no&quot; vertical_align=&quot;inherit&quot; divider=&quot;no&quot; back_image=&quot;2108&quot; back_color=&quot;&quot; back_video=&quot;&quot; video_settings=&quot;&quot; parallax=&quot;0.1&quot; parallax_offset=&quot;-50&quot; el_id=&quot;&quot; el_class=&quot;&quot; el_style=&quot;&quot;][bt_row][bt_column width=&quot;1\/1&quot; align=&quot;left&quot; vertical_align=&quot;inherit&quot; border=&quot;no_border&quot; cell_padding=&quot;default&quot; animation=&quot;animate animate-fadein animate-moveleft&quot; text_indent=&quot;no_text_indent&quot; highlight=&quot;no_highlight&quot; background_color=&quot;&quot; transparent=&quot;&quot; el_class=&quot;&quot; el_style=&quot;&quot; background_image=&quot;&quot;][bt_header superheadline=&quot;S\u00eddlime v 6 slovensk\u00fdch mest\u00e1ch &quot; headline=&quot;ODDZIA\u0141Y &quot; headline_size=&quot;extralarge&quot; title_style=&quot;btRegularTitle&quot; dash=&quot;bottom&quot; dash_style=&quot;btAccentDash&quot; subheadline=&quot;Jeste\u015bmy do Waszej dyspozycji&quot; el_class=&quot;&quot; el_style=&quot;max-width: 800px;&quot;][\/bt_header][bt_hr top_spaced=&quot;not-spaced&quot; bottom_spaced=&quot;bottomSemiSpaced&quot; transparent_border=&quot;noBorder&quot; el_class=&quot;&quot;&hellip;\" \/>\n<meta name=\"robots\" content=\"index, follow, max-snippet:-1, max-image-preview:large, max-video-preview:-1\" \/>\n<link rel=\"canonical\" href=\"https:\/\/c-t.sk\/kontakty-en\/\" \/>\n<meta property=\"og:locale\" content=\"pl_PL\" \/>\n<meta property=\"og:type\" content=\"article\" \/>\n<meta property=\"og:title\" content=\"ODDZIA\u0141Y\" \/>\n<meta property=\"og:description\" content=\"[bt_section layout=&quot;boxed&quot; top_spaced=&quot;topExtraSpaced&quot; bottom_spaced=&quot;bottomMoreSpaced&quot; skin=&quot;dark&quot; full_screen=&quot;no&quot; vertical_align=&quot;inherit&quot; divider=&quot;no&quot; back_image=&quot;2108&quot; back_color=&quot;&quot; back_video=&quot;&quot; video_settings=&quot;&quot; parallax=&quot;0.1&quot; parallax_offset=&quot;-50&quot; el_id=&quot;&quot; el_class=&quot;&quot; el_style=&quot;&quot;][bt_row][bt_column width=&quot;1\/1&quot; align=&quot;left&quot; vertical_align=&quot;inherit&quot; border=&quot;no_border&quot; cell_padding=&quot;default&quot; animation=&quot;animate animate-fadein animate-moveleft&quot; text_indent=&quot;no_text_indent&quot; highlight=&quot;no_highlight&quot; background_color=&quot;&quot; transparent=&quot;&quot; el_class=&quot;&quot; el_style=&quot;&quot; background_image=&quot;&quot;][bt_header superheadline=&quot;S\u00eddlime v 6 slovensk\u00fdch mest\u00e1ch &quot; headline=&quot;ODDZIA\u0141Y &quot; headline_size=&quot;extralarge&quot; title_style=&quot;btRegularTitle&quot; dash=&quot;bottom&quot; dash_style=&quot;btAccentDash&quot; subheadline=&quot;Jeste\u015bmy do Waszej dyspozycji&quot; el_class=&quot;&quot; el_style=&quot;max-width: 800px;&quot;][\/bt_header][bt_hr top_spaced=&quot;not-spaced&quot; bottom_spaced=&quot;bottomSemiSpaced&quot; transparent_border=&quot;noBorder&quot; el_class=&quot;&quot;&hellip;\" \/>\n<meta property=\"og:url\" content=\"https:\/\/c-t.sk\/kontakty-en\/\" \/>\n<meta property=\"og:site_name\" content=\"C&amp;T a.s.\" \/>\n<meta property=\"article:modified_time\" content=\"2026-03-19T07:54:04+00:00\" \/>\n<meta name=\"twitter:card\" content=\"summary_large_image\" \/>\n<meta name=\"twitter:label1\" content=\"Szacowany czas czytania\" \/>\n\t<meta name=\"twitter:data1\" content=\"7 minut\" \/>\n<script type=\"application\/ld+json\" class=\"yoast-schema-graph\">{\"@context\":\"https:\/\/schema.org\",\"@graph\":[{\"@type\":\"WebSite\",\"@id\":\"https:\/\/c-t.sk\/#website\",\"url\":\"https:\/\/c-t.sk\/\",\"name\":\"C&T a.s.\",\"description\":\"Kami\u00f3nov\u00e1 doprava. Intermodal. \u017deleznica. Coln\u00e9 slu\u017eby.\",\"potentialAction\":[{\"@type\":\"SearchAction\",\"target\":{\"@type\":\"EntryPoint\",\"urlTemplate\":\"https:\/\/c-t.sk\/?s={search_term_string}\"},\"query-input\":\"required name=search_term_string\"}],\"inLanguage\":\"pl-PL\"},{\"@type\":\"WebPage\",\"@id\":\"https:\/\/c-t.sk\/kontakty-en\/#webpage\",\"url\":\"https:\/\/c-t.sk\/kontakty-en\/\",\"name\":\"Kontakty - EN - C&T a.s.\",\"isPartOf\":{\"@id\":\"https:\/\/c-t.sk\/#website\"},\"datePublished\":\"2024-02-02T13:50:07+00:00\",\"dateModified\":\"2026-03-19T07:54:04+00:00\",\"description\":\"C-T a.s. je firma s 15 ro\u010dnou sk\u00fasenos\u0165ou v oblasti kami\u00f3novej prepravy a intermod\u00e1lnej prepravy. S\u00eddlime v 6 slovensk\u00fdch mest\u00e1ch.\",\"breadcrumb\":{\"@id\":\"https:\/\/c-t.sk\/kontakty-en\/#breadcrumb\"},\"inLanguage\":\"pl-PL\",\"potentialAction\":[{\"@type\":\"ReadAction\",\"target\":[\"https:\/\/c-t.sk\/kontakty-en\/\"]}]},{\"@type\":\"BreadcrumbList\",\"@id\":\"https:\/\/c-t.sk\/kontakty-en\/#breadcrumb\",\"itemListElement\":[{\"@type\":\"ListItem\",\"position\":1,\"name\":\"Home\",\"item\":\"https:\/\/c-t.sk\/\"},{\"@type\":\"ListItem\",\"position\":2,\"name\":\"Kontakty &#8211; EN\"}]}]}<\/script>\n<!-- \/ Yoast SEO plugin. -->","yoast_head_json":{"title":"ODDZIA\u0141Y","description":"[bt_section layout=\"boxed\" top_spaced=\"topExtraSpaced\" bottom_spaced=\"bottomMoreSpaced\" skin=\"dark\" full_screen=\"no\" vertical_align=\"inherit\" divider=\"no\" back_image=\"2108\" back_color=\"\" back_video=\"\" video_settings=\"\" parallax=\"0.1\" parallax_offset=\"-50\" el_id=\"\" el_class=\"\" el_style=\"\"][bt_row][bt_column width=\"1\/1\" align=\"left\" vertical_align=\"inherit\" border=\"no_border\" cell_padding=\"default\" animation=\"animate animate-fadein animate-moveleft\" text_indent=\"no_text_indent\" highlight=\"no_highlight\" background_color=\"\" transparent=\"\" el_class=\"\" el_style=\"\" background_image=\"\"][bt_header superheadline=\"S\u00eddlime v 6 slovensk\u00fdch mest\u00e1ch \" headline=\"ODDZIA\u0141Y \" headline_size=\"extralarge\" title_style=\"btRegularTitle\" dash=\"bottom\" dash_style=\"btAccentDash\" subheadline=\"Jeste\u015bmy do Waszej dyspozycji\" el_class=\"\" el_style=\"max-width: 800px;\"][\/bt_header][bt_hr top_spaced=\"not-spaced\" bottom_spaced=\"bottomSemiSpaced\" transparent_border=\"noBorder\" el_class=\"\"&hellip;","robots":{"index":"index","follow":"follow","max-snippet":"max-snippet:-1","max-image-preview":"max-image-preview:large","max-video-preview":"max-video-preview:-1"},"canonical":"https:\/\/c-t.sk\/kontakty-en\/","og_locale":"pl_PL","og_type":"article","og_title":"ODDZIA\u0141Y","og_description":"[bt_section layout=\"boxed\" top_spaced=\"topExtraSpaced\" bottom_spaced=\"bottomMoreSpaced\" skin=\"dark\" full_screen=\"no\" vertical_align=\"inherit\" divider=\"no\" back_image=\"2108\" back_color=\"\" back_video=\"\" video_settings=\"\" parallax=\"0.1\" parallax_offset=\"-50\" el_id=\"\" el_class=\"\" el_style=\"\"][bt_row][bt_column width=\"1\/1\" align=\"left\" vertical_align=\"inherit\" border=\"no_border\" cell_padding=\"default\" animation=\"animate animate-fadein animate-moveleft\" text_indent=\"no_text_indent\" highlight=\"no_highlight\" background_color=\"\" transparent=\"\" el_class=\"\" el_style=\"\" background_image=\"\"][bt_header superheadline=\"S\u00eddlime v 6 slovensk\u00fdch mest\u00e1ch \" headline=\"ODDZIA\u0141Y \" headline_size=\"extralarge\" title_style=\"btRegularTitle\" dash=\"bottom\" dash_style=\"btAccentDash\" subheadline=\"Jeste\u015bmy do Waszej dyspozycji\" el_class=\"\" el_style=\"max-width: 800px;\"][\/bt_header][bt_hr top_spaced=\"not-spaced\" bottom_spaced=\"bottomSemiSpaced\" transparent_border=\"noBorder\" el_class=\"\"&hellip;","og_url":"https:\/\/c-t.sk\/kontakty-en\/","og_site_name":"C&T a.s.","article_modified_time":"2026-03-19T07:54:04+00:00","twitter_card":"summary_large_image","twitter_misc":{"Szacowany czas czytania":"7 minut"},"schema":{"@context":"https:\/\/schema.org","@graph":[{"@type":"WebSite","@id":"https:\/\/c-t.sk\/#website","url":"https:\/\/c-t.sk\/","name":"C&T a.s.","description":"Kami\u00f3nov\u00e1 doprava. Intermodal. \u017deleznica. Coln\u00e9 slu\u017eby.","potentialAction":[{"@type":"SearchAction","target":{"@type":"EntryPoint","urlTemplate":"https:\/\/c-t.sk\/?s={search_term_string}"},"query-input":"required name=search_term_string"}],"inLanguage":"pl-PL"},{"@type":"WebPage","@id":"https:\/\/c-t.sk\/kontakty-en\/#webpage","url":"https:\/\/c-t.sk\/kontakty-en\/","name":"Kontakty - EN - C&T a.s.","isPartOf":{"@id":"https:\/\/c-t.sk\/#website"},"datePublished":"2024-02-02T13:50:07+00:00","dateModified":"2026-03-19T07:54:04+00:00","description":"C-T a.s. je firma s 15 ro\u010dnou sk\u00fasenos\u0165ou v oblasti kami\u00f3novej prepravy a intermod\u00e1lnej prepravy. S\u00eddlime v 6 slovensk\u00fdch mest\u00e1ch.","breadcrumb":{"@id":"https:\/\/c-t.sk\/kontakty-en\/#breadcrumb"},"inLanguage":"pl-PL","potentialAction":[{"@type":"ReadAction","target":["https:\/\/c-t.sk\/kontakty-en\/"]}]},{"@type":"BreadcrumbList","@id":"https:\/\/c-t.sk\/kontakty-en\/#breadcrumb","itemListElement":[{"@type":"ListItem","position":1,"name":"Home","item":"https:\/\/c-t.sk\/"},{"@type":"ListItem","position":2,"name":"Kontakty &#8211; EN"}]}]}},"_links":{"self":[{"href":"https:\/\/c-t.sk\/wp-json\/wp\/v2\/pages\/3515"}],"collection":[{"href":"https:\/\/c-t.sk\/wp-json\/wp\/v2\/pages"}],"about":[{"href":"https:\/\/c-t.sk\/wp-json\/wp\/v2\/types\/page"}],"author":[{"embeddable":true,"href":"https:\/\/c-t.sk\/wp-json\/wp\/v2\/users\/5"}],"replies":[{"embeddable":true,"href":"https:\/\/c-t.sk\/wp-json\/wp\/v2\/comments?post=3515"}],"version-history":[{"count":8,"href":"https:\/\/c-t.sk\/wp-json\/wp\/v2\/pages\/3515\/revisions"}],"predecessor-version":[{"id":3723,"href":"https:\/\/c-t.sk\/wp-json\/wp\/v2\/pages\/3515\/revisions\/3723"}],"wp:attachment":[{"href":"https:\/\/c-t.sk\/wp-json\/wp\/v2\/media?parent=3515"}],"curies":[{"name":"wp","href":"https:\/\/api.w.org\/{rel}","templated":true}]}}