{"id":2597,"date":"2022-08-18T14:32:55","date_gmt":"2022-08-18T14:32:55","guid":{"rendered":"https:\/\/c-t.sk\/?page_id=2597"},"modified":"2026-04-30T08:14:31","modified_gmt":"2026-04-30T08:14:31","slug":"kontaktne-osoby","status":"publish","type":"page","link":"https:\/\/c-t.sk\/kontaktne-osoby\/","title":{"rendered":"Kontakt"},"content":{"rendered":"<div class=\"bt_rc_container\"><section id=\"bt_section69f5754b14f91\" data-parallax=\"0.1\" data-parallax-offset=\"-50\" class=\"boldSection topExtraSpaced bottomMoreSpaced btDarkSkin gutter inherit btParallax wBackground cover\" style=\"background-image:url('https:\/\/c-t.sk\/wp-content\/uploads\/2021\/10\/CT-cargoport-banner-uvodny-01-scaled.jpg');\"><div class=\"port\"><div class=\"boldCell\"><div class=\"boldCellInner\"><div class=\"boldRow \" ><div class=\"rowItem col-md-12 col-ms-12  btTextLeft animate animate-fadein animate-moveleft inherit\"  ><div class=\"rowItemContent\"><header class=\"header btClear extralarge btDash bottomDash  btAccentDash btRegularTitle\" style=\"max-width: 800px;\"><p class=\"btSuperTitle\">Dzia\u0142amy w 5 s\u0142owackich miastach<\/p><div class=\"dash\"><h1><span class=\"headline\">OSOBY KONTAKTOWE<\/span><\/h1><\/div><p class=\"btSubTitle\">Jeste\u015bmy do Pa\u0144stwa dyspozycji.<\/p><\/header><div class=\"btClear btSeparator bottomSemiSpaced noBorder\" ><hr><\/div><\/div><\/div><\/div><\/div><\/div><\/div><\/section><section id=\"bt_section69f5754b165cd\" data-parallax=\"0.1\" data-parallax-offset=\"-50\" class=\"boldSection topExtraSpaced bottomMoreSpaced btDarkSkin gutter inherit btParallax wBackground cover\" style=\"background-color:#1e73be;background-image:url('https:\/\/c-t.sk\/wp-content\/uploads\/2015\/09\/Transparent-background-with-dots.png');\"><div class=\"port\"><div class=\"boldCell\"><div class=\"boldCellInner\"><div class=\"boldRow \" ><div class=\"rowItem col-md-12 col-ms-12  btTextCenter btMiddleVertical\"  ><div class=\"rowItemContent\"><div class=\"btIconImageRow\" ><div class=\"btIco accent medium\"><span  data-ico-fa=\"&#xf1ad;\" class=\"btIcoHolder\"><\/span><\/div><\/div><div class=\"btText\"><p>SIEDZIBA FIRMY: HURBANOVA 5777\/14, 974 01 BANSK\u00c1 BYSTRICA<\/p>\n<p>g\u0142\u00f3wny kontakt:transport@c-t.sk<\/p>\n<\/div><\/div><\/div><\/div><div class=\"boldRow \" ><div class=\"rowItem col-md-12 col-ms-12  btTextLeft animate animate-fadein animate-moveright btMiddleVertical\"  ><div class=\"rowItemContent\"><div class=\"btClear btSeparator topSpaced noBorder\" ><hr><\/div><\/div><\/div><\/div><div class=\"boldRow \" ><div class=\"rowItem col-sm-4 col-ms-12 btTextLeft animate animate-fadein animate-moveright btMiddleVertical\"  ><div class=\"rowItemContent\"><\/div><\/div><div class=\"rowItem col-sm-4 col-ms-12 btTextCenter inherit\"  ><div class=\"rowItemContent\"><div class=\"btText\"><p>C&amp;T a.s. jest cz\u0142onkiem grupy:<\/p>\n<\/div><div class=\"bpgPhoto btTextCenter\" ><div class=\"btImage\"><img src=\"https:\/\/c-t.sk\/wp-content\/uploads\/2022\/08\/cesmad-logo-transp-white--320x226.png\" alt=\"cesmad-logo-transp-white--320x226.png\"><\/div><\/div><\/div><\/div><div class=\"rowItem col-sm-4 col-ms-12 btTextLeft\"  ><div class=\"rowItemContent\"><\/div><\/div><\/div><div class=\"boldRow \" ><div class=\"rowItem col-md-12 col-ms-12  btTextLeft animate animate-fadein animate-moveright btMiddleVertical\"  ><div class=\"rowItemContent\"><div class=\"btClear btSeparator topSpaced noBorder\" ><hr><\/div><\/div><\/div><\/div><div class=\"boldRow \" ><div class=\"rowItem col-md-12 col-ms-12  btTextCenter inherit\"  ><div class=\"rowItemContent\"><header class=\"header btClear medium  btAccentDash btRegularTitle\" ><p class=\"btSuperTitle\">Rall:<\/p><div class=\"dash\"><h3><span class=\"headline\">6VC<\/span><\/h3><\/div><\/header><header class=\"header btClear medium  btAccentDash btRegularTitle\" ><p class=\"btSuperTitle\">Timocom ID:<\/p><div class=\"dash\"><h3><span class=\"headline\">230206<\/span><\/h3><\/div><\/header><\/div><\/div><\/div><div class=\"boldRow \" ><div class=\"rowItem col-md-12 col-ms-12  btTextLeft animate animate-fadein animate-moveright btMiddleVertical\"  ><div class=\"rowItemContent\"><div class=\"btClear btSeparator topSmallSpaced noBorder\" ><hr><\/div><\/div><\/div><\/div><div class=\"boldRow \" ><div class=\"rowItem col-md-12 col-ms-12  btTextLeft\"  ><div class=\"rowItemContent\"><div class=\"btText\"><div id=\"map-switcher-wrapper\">\n<div class=\"map-switcher-stl\">\n<a href=\"https:\/\/c-t.sk\/kontaktne-osoby\/#ContentDiv4\">Bratislava v zast\u00fapen\u00ed<\/a>\n<\/div>\n<div class=\"map-switcher-stl\">\n\t<a href=\"https:\/\/c-t.sk\/kontaktne-osoby\/#ContentDiv3\" >\u0160ped\u00edcia Bansk\u00e1 Bystrica<\/a>\n\t<\/div>\n<div class=\"map-switcher-stl\">\n\t<a href=\"https:\/\/c-t.sk\/kontaktne-osoby\/#ContentDiv11\" >Coln\u00e1 deklar\u00e1cia <\/a>\n\t<\/div>\n<div class=\"map-switcher-stl\">\n\t<a href=\"https:\/\/c-t.sk\/kontaktne-osoby\/#ContentDiv5\">Faktura\u010dn\u00e9 oddelenie <\/a>\n\t<\/div>\n<div class=\"map-switcher-stl\">\n\t\t<a href=\"https:\/\/c-t.sk\/kontaktne-osoby\/#ContentDiv6\">Sklad &#8211; Warehousing<\/a>\n\t<\/div>\n<div class=\"map-switcher-stl\">\n\t\t<a href=\"https:\/\/c-t.sk\/kontaktne-osoby\/#ContentDiv10\">Ru\u017eomberok<\/a>\n\t<\/div>\n<\/div>\n<\/div><\/div><\/div><\/div><\/div><\/div><\/div><\/section><section id=\"bt_section69f5754b1e0a1\" data-parallax=\"0.1\" data-parallax-offset=\"-50\" class=\"boldSection topExtraSpaced bottomMoreSpaced gutter inherit btParallax\" ><div class=\"port\"><div class=\"boldCell\"><div class=\"boldCellInner\"><div class=\"boldRow \" ><div class=\"rowItem col-md-12 col-ms-12  btTextCenter btMiddleVertical\"  ><div class=\"rowItemContent\"><header class=\"header btClear medium btDash bottomDash  btAlternateDash btAccentTitle\" ><div class=\"dash\"><h3><span class=\"headline\">NASZE ODDZIA\u0141Y:<\/span><\/h3><\/div><\/header><div class=\"bpgPhoto btTextCenter\" ><div class=\"btImage\"><img src=\"https:\/\/c-t.sk\/wp-content\/uploads\/2025\/05\/Mapa-Prevadzok-DK-prec-2.png.png\" alt=\"\"><\/div><\/div><\/div><\/div><\/div><\/div><\/div><\/div><\/section><section id=\"ContentDiv2\"  class=\"boldSection topSpaced bottomSpaced gutter inherit wBackground cover\" style=\"background-image:url('https:\/\/c-t.sk\/wp-content\/uploads\/2015\/09\/Transparent-background-with-dots.png');\"><div class=\"port\"><div class=\"boldCell\"><div class=\"boldCellInner\"><div class=\"boldRow \" ><div class=\"rowItem col-md-12 col-ms-12  btTextCenter animate animate-fadein inherit\"  ><div class=\"rowItemContent\"><div class=\"btClear btSeparator topSpaced noBorder\" ><hr><\/div><\/div><\/div><\/div><div class=\"boldRow \" ><div class=\"rowItem col-md-12 col-ms-12  btTextLeft\"  ><div class=\"rowItemContent\"><header class=\"header btClear large btDash bottomDash  btAlternateDash btAccentTitle\" style=\"text-align:center;\"><div class=\"dash\"><h2><span class=\"headline\">Transport &#8211; Spedycja &#8211; Promy<\/span><\/h2><\/div><\/header><div class=\"btClear btSeparator topSpaced noBorder\" ><hr><\/div><\/div><\/div><\/div><div class=\"boldRow \" ><div class=\"rowItem col-md-12 col-ms-12  btTextCenter animate animate-fadein inherit\"  ><div class=\"rowItemContent\"><\/div><\/div><\/div><div class=\"boldRow \" ><div class=\"rowItem col-md-12 col-ms-12  btTextCenter animate animate-fadein inherit\"  ><div class=\"rowItemContent\"><div class=\"btClear btSeparator topSpaced noBorder\" ><hr><\/div><\/div><\/div><\/div><\/div><\/div><\/div><\/section><section id=\"ContentDiv3\"  class=\"boldSection gutter inherit wBackground cover\" style=\"background-image:url('https:\/\/c-t.sk\/wp-content\/uploads\/2015\/09\/Transparent-background-with-dots.png');\"><div class=\"port\"><div class=\"boldCell\"><div class=\"boldCellInner\"><div class=\"boldRow \" ><div class=\"rowItem col-md-12 col-ms-12  btTextLeft\"  ><div class=\"rowItemContent\"><div class=\"btClear btSeparator topSpaced noBorder\" ><hr><\/div><header class=\"header btClear large  btAlternateDash btDarkAccentTitle\" style=\"text-align:center;\"><div class=\"dash\"><h2><span class=\"headline\">Bansk\u00e1 Bystrica<\/span><\/h2><\/div><\/header><div class=\"btClear btSeparator topSpaced noBorder\" ><hr><\/div><\/div><\/div><\/div><div class=\"boldRow \" ><div class=\"rowItem col-sm-6 col-ms-12 btTextCenter animate animate-fadein inherit\"  ><div class=\"rowItemContent\"><header class=\"header btClear medium  btAccentDash btRegularTitle\" ><div class=\"dash\"><h3><span class=\"headline\">Patrik M\u00fcller<\/span><\/h3><\/div><p class=\"btSubTitle\">IT, DE-IT, DE-AT, DE-NL<\/p><\/header><div class=\"btText\"><p>+421 911 723 012<\/p>\n<p>muller@c-t.sk<\/p>\n<\/div><\/div><\/div><div class=\"rowItem col-sm-6 col-ms-12 btTextCenter animate animate-fadein inherit\"  ><div class=\"rowItemContent\"><header class=\"header btClear medium  btAccentDash btRegularTitle\" ><div class=\"dash\"><h3><span class=\"headline\">Mgr. Zuzana Riesov\u00e1<\/span><\/h3><\/div><p class=\"btSubTitle\">UK, ES, CZ, SK, GR<\/p><\/header><div class=\"btText\"><p>+ 421 911 923 222<\/p>\n<p>riesova@c-t.sk<\/p>\n<\/div><\/div><\/div><\/div><div class=\"boldRow \" ><div class=\"rowItem col-md-12 col-ms-12  btTextCenter animate animate-fadein inherit\"  ><div class=\"rowItemContent\"><div class=\"btClear btSeparator topSpaced noBorder\" ><hr><\/div><\/div><\/div><\/div><div class=\"boldRow \" ><div class=\"rowItem col-sm-6 col-ms-12 btTextCenter animate animate-fadein inherit\"  ><div class=\"rowItemContent\"><\/div><\/div><div class=\"rowItem col-sm-6 col-ms-12 btTextCenter animate animate-fadein inherit\"  ><div class=\"rowItemContent\"><header class=\"header btClear medium  btAccentDash btRegularTitle\" ><div class=\"dash\"><h3><span class=\"headline\">Martina Sivokov\u00e1<\/span><\/h3><\/div><p class=\"btSubTitle\">Faktury &#8211; transport<\/p><\/header><div class=\"btText\"><p>+ 421 911 823 220<\/p>\n<p>invoice@c-t.sk<\/p>\n<\/div><\/div><\/div><\/div><div class=\"boldRow \" ><div class=\"rowItem col-md-12 col-ms-12  btTextCenter animate animate-fadein inherit\"  ><div class=\"rowItemContent\"><div class=\"btClear btSeparator topSpaced noBorder\" ><hr><\/div><\/div><\/div><\/div><\/div><\/div><\/div><\/section><section id=\"ContentDiv10\"  class=\"boldSection gutter inherit wBackground cover\" style=\"background-image:url('https:\/\/c-t.sk\/wp-content\/uploads\/2015\/09\/Transparent-background-with-dots.png');\"><div class=\"port\"><div class=\"boldCell\"><div class=\"boldCellInner\"><div class=\"boldRow \" ><div class=\"rowItem col-md-12 col-ms-12  btTextLeft\"  ><div class=\"rowItemContent\"><div class=\"btClear btSeparator topSpaced noBorder\" ><hr><\/div><header class=\"header btClear large  btAlternateDash btDarkAccentTitle\" style=\"text-align:center;\"><div class=\"dash\"><h2><span class=\"headline\">Ru\u017eomberok<\/span><\/h2><\/div><\/header><div class=\"btClear btSeparator topSpaced noBorder\" ><hr><\/div><\/div><\/div><\/div><div class=\"boldRow \" ><div class=\"rowItem col-sm-4 col-ms-12 btTextCenter animate animate-fadein inherit\"  ><div class=\"rowItemContent\"><header class=\"header btClear medium  btAccentDash btRegularTitle\" ><div class=\"dash\"><h3><span class=\"headline\">Ing. J\u00e1n Jo\u0161tiak<\/span><\/h3><\/div><p class=\"btSubTitle\">IT, PL , UK , TR<\/p><\/header><div class=\"btText\"><p>+421 911 723 888<\/p>\n<p>jostiak@c-t.sk<\/p>\n<\/div><\/div><\/div><div class=\"rowItem col-sm-4 col-ms-12 btTextCenter animate animate-fadein inherit\"  ><div class=\"rowItemContent\"><header class=\"header btClear medium  btAccentDash btRegularTitle\" ><div class=\"dash\"><h3><span class=\"headline\">Ing. Jaroslav Kulich<\/span><\/h3><\/div><p class=\"btSubTitle\">DE , CZ , SI<\/p><\/header><div class=\"btText\"><p>+ 421 911 823 222<\/p>\n<p>kulich@c-t.sk<\/p>\n<\/div><\/div><\/div><div class=\"rowItem col-sm-4 col-ms-12 btTextCenter animate animate-fadein inherit\"  ><div class=\"rowItemContent\"><header class=\"header btClear medium  btAccentDash btRegularTitle\" ><div class=\"dash\"><h3><span class=\"headline\">Ing. Jaroslav Kraj\u010dovic<\/span><\/h3><\/div><p class=\"btSubTitle\">IT , DE , NL , transport ekspresowy i LTL<\/p><\/header><div class=\"btText\"><p>+ 421 911 723 029<\/p>\n<p>krajcovic@c-t.sk<\/p>\n<\/div><\/div><\/div><\/div><div class=\"boldRow \" ><div class=\"rowItem col-md-12 col-ms-12  btTextCenter animate animate-fadein inherit\"  ><div class=\"rowItemContent\"><header class=\"header btClear medium  btAccentDash btRegularTitle\" ><div class=\"dash\"><h3><span class=\"headline\">Mariana Fedorov\u00e1<\/span><\/h3><\/div><p class=\"btSubTitle\">SK,CZ,DE,CH<\/p><\/header><div class=\"btText\"><p style=\"text-align: center;\">+421 911 723 444<\/p>\n<p style=\"text-align: center;\"><a href=\"mailto: fedorova@c-t.sk\">fedorova@c-t.sk<\/a><\/p>\n<\/div><\/div><\/div><\/div><div class=\"boldRow \" ><div class=\"rowItem col-md-12 col-ms-12  btTextCenter animate animate-fadein inherit\"  ><div class=\"rowItemContent\"><div class=\"btClear btSeparator topSpaced noBorder\" ><hr><\/div><\/div><\/div><\/div><\/div><\/div><\/div><\/section><section id=\"ContentDiv11\"  class=\"boldSection topSpaced bottomSpaced gutter inherit\" ><div class=\"port\"><div class=\"boldCell\"><div class=\"boldCellInner\"><div class=\"boldRow \" ><div class=\"rowItem col-md-12 col-ms-12  btTextCenter animate animate-fadein inherit\"  ><div class=\"rowItemContent\"><header class=\"header btClear large btDash bottomDash  btAlternateDash btAccentTitle\" style=\"text-align:center;\"><div class=\"dash\"><h2><span class=\"headline\">Zg\u0142oszenie celne<\/span><\/h2><\/div><\/header><div class=\"btClear btSeparator topSpaced noBorder\" ><hr><\/div><\/div><\/div><\/div><div class=\"boldRow \" ><div class=\"rowItem col-sm-4 col-ms-12 btTextCenter animate animate-fadein inherit\"  ><div class=\"rowItemContent\"><div class=\"bpgPhoto btTextCenter\" ><div class=\"btImage\"><img src=\"https:\/\/c-t.sk\/wp-content\/uploads\/2022\/08\/BA-ico-kontakt--160x160.png\" alt=\"BA-ico-kontakt--160x160.png\"><\/div><\/div><header class=\"header btClear medium  btAccentDash btAlternateTitle\" ><p class=\"btSuperTitle\">Zg\u0142oszenie celne na podstawie umowy o wsp\u00f3\u0142pracy<\/p><div class=\"dash\"><h3><span class=\"headline\">Bratislava<\/span><\/h3><\/div><p class=\"btSubTitle\">Stavite\u013esk\u00e1 7, 831 04 Bratislava<\/p><\/header><div class=\"btClear btSeparator topSmallSpaced noBorder\" ><hr><\/div><div class=\"btText\"><p>+421 911 723 999<\/p>\n<p>c-t@c-t.sk<\/p>\n<\/div><div class=\"btClear btSeparator topSemiSpaced noBorder\" ><hr><\/div><div class=\"servicesItem  smallIcon accentIconType \"><div class=\"sIcon\"><div class=\"btIco small accent\"><span  data-ico-s7=\"&#xe60b;\" class=\"btIcoHolder\"><\/span><\/div><\/div><div class=\"sTxt\"><header class=\"header btClear extrasmall\" ><div class=\"dash\"><h4><span class=\"headline\">Jeste\u015bmy tu dla Pa\u0144stwa<\/span><\/h4><\/div><\/header><p>7:00 &#8211; 19:00<br><\/p><\/div><\/div><\/div><\/div><div class=\"rowItem col-sm-4 col-ms-12 btTextCenter inherit\"  ><div class=\"rowItemContent\"><div class=\"bpgPhoto btTextCenter\" ><div class=\"btImage\"><img src=\"https:\/\/c-t.sk\/wp-content\/uploads\/2022\/08\/BB-ico-kontakt--160x160.png\" alt=\"BB-ico-kontakt--160x160.png\"><\/div><\/div><header class=\"header btClear medium  btAccentDash btAlternateTitle\" ><p class=\"btSuperTitle\">Us\u0142ugi celne &#8211; przesy\u0142ki pocztowe &#8211; oddzia\u0142 Poczty S\u0142owackiej &#8211; dzia\u0142y odpraw celnych BA, KE, ZA<\/p><div class=\"dash\"><h3><span class=\"headline\">Bansk\u00e1 Bystrica<\/span><\/h3><\/div><p class=\"btSubTitle\">Hurbanova 5777\/14, 974 01 Bansk\u00e1 Bystrica<\/p><\/header><div class=\"btClear btSeparator topSmallSpaced noBorder\" ><hr><\/div><div class=\"btText\"><p>+ 421 911 723 999<\/p>\n<p>c-t@c-t.sk<\/p>\n<\/div><div class=\"btClear btSeparator topSemiSpaced noBorder\" ><hr><\/div><div class=\"servicesItem  smallIcon accentIconType \"><div class=\"sIcon\"><div class=\"btIco small accent\"><span  data-ico-s7=\"&#xe60b;\" class=\"btIcoHolder\"><\/span><\/div><\/div><div class=\"sTxt\"><header class=\"header btClear extrasmall\" ><div class=\"dash\"><h4><span class=\"headline\">Jeste\u015bmy tu dla Pa\u0144stwa<\/span><\/h4><\/div><\/header><p>8:00 &#8211; 17:00<br><\/p><\/div><\/div><\/div><\/div><div class=\"rowItem col-sm-4 col-ms-12 btTextCenter inherit\"  ><div class=\"rowItemContent\"><div class=\"bpgPhoto btTextCenter\" ><div class=\"btImage\"><img src=\"https:\/\/c-t.sk\/wp-content\/uploads\/2022\/08\/ZV-ico-kontakt--160x160.png\" alt=\"ZV-ico-kontakt--160x160.png\"><\/div><\/div><header class=\"header btClear medium  btAccentDash btAlternateTitle\" ><p class=\"btSuperTitle\">Regionalny oddzia\u0142 &#8211; us\u0142ugi celne<\/p><div class=\"dash\"><h3><span class=\"headline\">Zvolen<\/span><\/h3><\/div><p class=\"btSubTitle\">Balk\u00e1n 53, 960 01 Zvolen<\/p><\/header><div class=\"btClear btSeparator topSmallSpaced noBorder\" ><hr><\/div><div class=\"btText\"><p>+421 911 823 444<\/p>\n<p>bbystrica@c-t.sk<\/p>\n<\/div><div class=\"btClear btSeparator topSemiSpaced noBorder\" ><hr><\/div><div class=\"servicesItem  smallIcon accentIconType \"><div class=\"sIcon\"><div class=\"btIco small accent\"><span  data-ico-s7=\"&#xe60b;\" class=\"btIcoHolder\"><\/span><\/div><\/div><div class=\"sTxt\"><header class=\"header btClear extrasmall\" ><div class=\"dash\"><h4><span class=\"headline\">Jeste\u015bmy tu dla Pa\u0144stwa<\/span><\/h4><\/div><\/header><p>7:30 &#8211; 16:00<br><\/p><\/div><\/div><\/div><\/div><\/div><div class=\"boldRow \" ><div class=\"rowItem col-md-12 col-ms-12  btTextCenter animate animate-fadein inherit\"  ><div class=\"rowItemContent\"><div class=\"btClear btSeparator topSpaced noBorder\" ><hr><\/div><\/div><\/div><\/div><div class=\"boldRow \" ><div class=\"rowItem col-sm-6 col-ms-12 btTextCenter animate animate-fadein inherit\"  ><div class=\"rowItemContent\"><div class=\"bpgPhoto btTextCenter\" ><div class=\"btImage\"><img src=\"https:\/\/c-t.sk\/wp-content\/uploads\/2022\/08\/PO-ico-kontakt--160x160.png\" alt=\"PO-ico-kontakt--160x160.png\"><\/div><\/div><header class=\"header btClear medium  btAccentDash btAlternateTitle\" ><p class=\"btSuperTitle\">Regionalny oddzia\u0142 &#8211; us\u0142ugi celne<\/p><div class=\"dash\"><h3><span class=\"headline\">Pre\u0161ov<\/span><\/h3><\/div><p class=\"btSubTitle\">Ko\u0161ick\u00e1 26, 081 62 Pre\u0161ov<\/p><\/header><div class=\"btClear btSeparator topSmallSpaced noBorder\" ><hr><\/div><div class=\"btText\"><p>+421 911 923 666<\/p>\n<p>+421 911 923 777<\/p>\n<p>presov@c-t.sk<\/p>\n<\/div><div class=\"btClear btSeparator topSemiSpaced noBorder\" ><hr><\/div><div class=\"servicesItem  smallIcon accentIconType \"><div class=\"sIcon\"><div class=\"btIco small accent\"><span  data-ico-s7=\"&#xe60b;\" class=\"btIcoHolder\"><\/span><\/div><\/div><div class=\"sTxt\"><header class=\"header btClear extrasmall\" ><div class=\"dash\"><h4><span class=\"headline\">Jeste\u015bmy tu dla Pa\u0144stwa<\/span><\/h4><\/div><\/header><p>7:00 &#8211; 19:00<br><\/p><\/div><\/div><\/div><\/div><div class=\"rowItem col-sm-6 col-ms-12 btTextCenter inherit\"  ><div class=\"rowItemContent\"><div class=\"bpgPhoto btTextCenter\" ><div class=\"btImage\"><img src=\"https:\/\/c-t.sk\/wp-content\/uploads\/2022\/08\/KE-ico-kontakt--160x160.png\" alt=\"KE-ico-kontakt--160x160.png\"><\/div><\/div><header class=\"header btClear medium  btAccentDash btAlternateTitle\" ><p class=\"btSuperTitle\">Regionalny oddzia\u0142 &#8211; us\u0142ugi celne<\/p><div class=\"dash\"><h3><span class=\"headline\">Ko\u0161ice<\/span><\/h3><\/div><p class=\"btSubTitle\">Are\u00e1l prekladisko Haniska, 044 57 Ko\u0161ice<\/p><\/header><div class=\"btClear btSeparator topSmallSpaced noBorder\" ><hr><\/div><div class=\"btText\"><p>+421 911 823 221<\/p>\n<p>+421 911 923 444<\/p>\n<p>manager.kosice@c-t.sk<\/p>\n<\/div><div class=\"btClear btSeparator topSemiSpaced noBorder\" ><hr><\/div><div class=\"servicesItem  smallIcon accentIconType \"><div class=\"sIcon\"><div class=\"btIco small accent\"><span  data-ico-s7=\"&#xe60b;\" class=\"btIcoHolder\"><\/span><\/div><\/div><div class=\"sTxt\"><header class=\"header btClear extrasmall\" ><div class=\"dash\"><h4><span class=\"headline\">Jeste\u015bmy tu dla Pa\u0144stwa<\/span><\/h4><\/div><\/header><p>CA\u0141ODOBOWO<br><\/p><\/div><\/div><\/div><\/div><\/div><\/div><\/div><\/div><\/section><section id=\"ContentDiv5\"  class=\"boldSection gutter inherit\" ><div class=\"port\"><div class=\"boldCell\"><div class=\"boldCellInner\"><div class=\"boldRow \" ><div class=\"rowItem col-md-12 col-ms-12  btTextLeft\"  ><div class=\"rowItemContent\"><header class=\"header btClear large btDash bottomDash  btAlternateDash btAccentTitle\" style=\"text-align:center;\"><div class=\"dash\"><h2><span class=\"headline\">Dzia\u0142 fakturowania<\/span><\/h2><\/div><\/header><div class=\"btClear btSeparator topSpaced noBorder\" ><hr><\/div><\/div><\/div><\/div><div class=\"boldRow \" ><div class=\"rowItem col-sm-6 col-ms-12 btTextCenter animate animate-fadein inherit\"  ><div class=\"rowItemContent\"><header class=\"header btClear medium  btAccentDash btRegularTitle\" ><div class=\"dash\"><h3><span class=\"headline\">M\u00e1ria Karetkov\u00e1<\/span><\/h3><\/div><\/header><div class=\"btText\"><p>+421 911 823 333<\/p>\n<p>uctovnictvo@c-t.sk<\/p>\n<\/div><\/div><\/div><div class=\"rowItem col-sm-6 col-ms-12 btTextCenter animate animate-fadein inherit\"  ><div class=\"rowItemContent\"><header class=\"header btClear medium  btAccentDash btRegularTitle\" ><div class=\"dash\"><h3><span class=\"headline\">Ing. Denisa Karetkov\u00e1<\/span><\/h3><\/div><\/header><div class=\"btText\"><p>+421 948 956 633<\/p>\n<p>d.karetkova@c-t.sk<\/p>\n<\/div><\/div><\/div><\/div><div class=\"boldRow \" ><div class=\"rowItem col-md-12 col-ms-12  btTextCenter animate animate-fadein inherit\"  ><div class=\"rowItemContent\"><div class=\"btClear btSeparator topSpaced noBorder\" ><hr><\/div><\/div><\/div><\/div><div class=\"boldRow \" ><div class=\"rowItem col-sm-6 col-ms-12 btTextCenter animate animate-fadein inherit\"  ><div class=\"rowItemContent\"><header class=\"header btClear medium  btAccentDash btRegularTitle\" ><div class=\"dash\"><h3><span class=\"headline\">Mgr. Alexandra Latkov\u00e1<\/span><\/h3><\/div><\/header><div class=\"btText\"><p>+421 911 723 075<\/p>\n<p>a.latkova@c-t.sk<\/p>\n<\/div><\/div><\/div><div class=\"rowItem col-sm-6 col-ms-12 btTextCenter animate animate-fadein inherit\"  ><div class=\"rowItemContent\"><\/div><\/div><\/div><div class=\"boldRow \" ><div class=\"rowItem col-md-12 col-ms-12  btTextCenter animate animate-fadein inherit\"  ><div class=\"rowItemContent\"><div class=\"btClear btSeparator topSpaced noBorder\" ><hr><\/div><\/div><\/div><\/div><\/div><\/div><\/div><\/section><section id=\"ContentDiv6\"  class=\"boldSection topSpaced bottomSpaced gutter inherit wBackground cover\" style=\"background-image:url('https:\/\/c-t.sk\/wp-content\/uploads\/2015\/09\/Transparent-background-with-dots.png');\"><div class=\"port\"><div class=\"boldCell\"><div class=\"boldCellInner\"><div class=\"boldRow \" ><div class=\"rowItem col-md-12 col-ms-12  btTextCenter animate animate-fadein inherit\"  ><div class=\"rowItemContent\"><header class=\"header btClear large btDash bottomDash  btAlternateDash btAccentTitle\" style=\"text-align:center;\"><div class=\"dash\"><h2><span class=\"headline\">Magazynowanie &#8211; Warehousing<\/span><\/h2><\/div><p class=\"btSubTitle\">Are\u00e1l Texicom, 034 01 Ru\u017eomberok-Ryb\u00e1rpole<\/p><\/header><div class=\"btClear btSeparator topSmallSpaced noBorder\" ><hr><\/div><header class=\"header btClear medium  btAccentDash btRegularTitle\" ><div class=\"dash\"><h3><span class=\"headline\">Kristi\u00e1n Luka\u010dik<\/span><\/h3><\/div><\/header><div class=\"btText\"><p>+421 910 593 973<\/p>\n<p>lukacik@c-t.sk<\/p>\n<\/div><div class=\"btClear btSeparator topSmallSpaced noBorder\" ><hr><\/div><div class=\"servicesItem  smallIcon accentIconType \"><div class=\"sIcon\"><div class=\"btIco small accent\"><span  data-ico-s7=\"&#xe60b;\" class=\"btIcoHolder\"><\/span><\/div><\/div><div class=\"sTxt\"><header class=\"header btClear extrasmall\" ><div class=\"dash\"><h4><span class=\"headline\">Jeste\u015bmy tu dla Pa\u0144stwa<\/span><\/h4><\/div><\/header><p>7:00 &#8211; 19:00<br><\/p><\/div><\/div><\/div><\/div><\/div><div class=\"boldRow \" ><div class=\"rowItem col-md-12 col-ms-12  btTextCenter animate animate-fadein inherit\"  ><div class=\"rowItemContent\"><div class=\"btClear btSeparator topSpaced noBorder\" ><hr><\/div><\/div><\/div><\/div><\/div><\/div><\/div><\/section><section id=\"bt_section69f5754b28178\"  class=\"boldSection btDarkSkin gutter inherit\" style=\"background-color:#ffffff;\"><div class=\"port\"><div class=\"boldCell\"><div class=\"boldCellInner\"><div class=\"boldRow \" ><div class=\"rowItem col-md-12 col-ms-12  btTextLeft animate animate-fadein inherit\"  ><div class=\"rowItemContent\"><div class=\"btClear btSeparator topSmallSpaced bottomSmallSpaced noBorder\" ><hr><\/div><\/div><\/div><\/div><div class=\"boldRow \" ><div class=\"rowItem col-sm-4 col-ms-12 btTextLeft animate animate-fadein animate-moveright btMiddleVertical\"  ><div class=\"rowItemContent\"><\/div><\/div><div class=\"rowItem col-sm-4 col-ms-12 btTextCenter inherit\"  ><div class=\"rowItemContent\"><div class=\"btText\"><p>C&amp;T a.s. jest cz\u0142onkiem grupy:<\/p>\n<\/div><div class=\"bpgPhoto btTextCenter\" ><div class=\"btImage\"><img src=\"https:\/\/c-t.sk\/wp-content\/uploads\/2022\/07\/CESMAD.png\" alt=\"c-t-klient-Cesmad-Slovakia\"><\/div><\/div><\/div><\/div><div class=\"rowItem col-sm-4 col-ms-12 btTextLeft\"  ><div class=\"rowItemContent\"><\/div><\/div><\/div><\/div><\/div><\/div><\/section><section id=\"bt_section69f5754b293a5\"  class=\"boldSection btDarkSkin gutter inherit\" style=\"background-color:#7bc63d;\"><div class=\"port\"><div class=\"boldCell\"><div class=\"boldCellInner\"><div class=\"boldRow \" ><div class=\"rowItem col-md-12 col-ms-12  btTextLeft animate animate-fadein inherit\"  ><div class=\"rowItemContent\"><div class=\"btClear btSeparator topSmallSpaced bottomSmallSpaced noBorder\" ><hr><\/div><\/div><\/div><\/div><div class=\"boldRow \" ><div class=\"rowItem col-md-12 col-ms-12  btTextCenter animate animate-fadein animate-moveleft btMiddleVertical\"  ><div class=\"rowItemContent\"><header class=\"header btClear medium  btAccentDash btRegularTitle\" ><p class=\"btSuperTitle\">Timocom ID:<\/p><div class=\"dash\"><h3><span class=\"headline\">230206<\/span><\/h3><\/div><\/header><header class=\"header btClear medium  btAccentDash btRegularTitle\" ><p class=\"btSuperTitle\">Rall:<\/p><div class=\"dash\"><h3><span class=\"headline\">6VC<\/span><\/h3><\/div><\/header><\/div><\/div><\/div><div class=\"boldRow \" ><div class=\"rowItem col-md-12 col-ms-12  btTextLeft\"  ><div class=\"rowItemContent\"><div class=\"btClear btSeparator topSmallSpaced bottomSmallSpaced noBorder\" ><hr><\/div><\/div><\/div><\/div><\/div><\/div><\/div><\/section><section id=\"bt_section69f5754b297f4\"  class=\"boldSection btDarkSkin gutter inherit\" style=\"background-color:#0b61aa;\"><div class=\"port\"><div class=\"boldCell\"><div class=\"boldCellInner\"><div class=\"boldRow \" ><div class=\"rowItem col-md-12 col-ms-12  btTextLeft animate animate-fadein inherit\"  ><div class=\"rowItemContent\"><div class=\"btClear btSeparator topSmallSpaced bottomSmallSpaced noBorder\" ><hr><\/div><\/div><\/div><\/div><div class=\"boldRow \" ><div class=\"rowItem col-sm-6 col-ms-12 btTextLeft animate animate-fadein animate-moveright btMiddleVertical\"  ><div class=\"rowItemContent\"><header class=\"header btClear medium  btAccentDash btRegularTitle\" ><p class=\"btSuperTitle\">Potrzebujesz wyceny ?<\/p><div class=\"dash\"><h3><span class=\"headline\">Przygotujemy j\u0105 dla Pa\u0144stwa w ci\u0105gu 24 godzin<\/span><\/h3><\/div><\/header><\/div><\/div><div class=\"rowItem col-sm-6 col-ms-12 btTextRight animate animate-fadein animate-moveleft btMiddleVertical\"  ><div class=\"rowItemContent\"><div class=\"btBtn btBtn btnOutline btnIconLeftPosition btnLightColor btnBig btnNormal btnIco\" ><div class=\"btIco borderless extrasmall\"><a href=\"https:\/\/c-t.sk\/vypocet-ceny\/\"  data-ico-fa=\"&#xf1ec;\" class=\"btIcoHolder\"><span>popro\u015b o wycen\u0119<\/span><\/a><\/div><\/div><\/div><\/div><\/div><div class=\"boldRow \" ><div class=\"rowItem col-md-12 col-ms-12  btTextLeft\"  ><div class=\"rowItemContent\"><div class=\"btClear btSeparator topSmallSpaced bottomSmallSpaced noBorder\" ><hr><\/div><\/div><\/div><\/div><\/div><\/div><\/div><\/section><\/div>","protected":false},"excerpt":{"rendered":"<p>Dzia\u0142amy w 5 s\u0142owackich miastachOSOBY KONTAKTOWEJeste\u015bmy do Pa\u0144stwa dyspozycji.SIEDZIBA FIRMY: HURBANOVA 5777\/14, 974 01 BANSK\u00c1 BYSTRICA g\u0142\u00f3wny kontakt:transport@c-t.sk C&amp;T a.s. jest cz\u0142onkiem grupy: Rall:6VCTimocom ID:230206 Bratislava v zast\u00fapen\u00ed \u0160ped\u00edcia Bansk\u00e1 Bystrica Coln\u00e1 deklar\u00e1cia Faktura\u010dn\u00e9 oddelenie Sklad &#8211; Warehousing Ru\u017eomberok NASZE ODDZIA\u0141Y:Transport &#8211; Spedycja &#8211; PromyBansk\u00e1 BystricaPatrik M\u00fcllerIT, DE-IT, DE-AT, DE-NL+421 911 723 012 muller@c-t.sk Mgr. [&hellip;]<\/p>\n","protected":false},"author":5,"featured_media":0,"parent":0,"menu_order":0,"comment_status":"closed","ping_status":"closed","template":"","meta":{"inline_featured_image":false},"yoast_head":"<!-- This site is optimized with the Yoast SEO plugin v18.7 - https:\/\/yoast.com\/wordpress\/plugins\/seo\/ -->\n<title>Kontakt<\/title>\n<meta name=\"description\" content=\"[bt_section layout=&quot;boxed&quot; top_spaced=&quot;topExtraSpaced&quot; bottom_spaced=&quot;bottomMoreSpaced&quot; skin=&quot;dark&quot; full_screen=&quot;no&quot; vertical_align=&quot;inherit&quot; divider=&quot;no&quot; back_image=&quot;2108&quot; back_color=&quot;&quot; back_video=&quot;&quot; video_settings=&quot;&quot; parallax=&quot;0.1&quot; parallax_offset=&quot;-50&quot; el_id=&quot;&quot; el_class=&quot;&quot; el_style=&quot;&quot;][bt_row][bt_column width=&quot;1\/1&quot; align=&quot;left&quot; vertical_align=&quot;inherit&quot; border=&quot;no_border&quot; cell_padding=&quot;default&quot; animation=&quot;animate animate-fadein animate-moveleft&quot; text_indent=&quot;no_text_indent&quot; highlight=&quot;no_highlight&quot; background_color=&quot;&quot; transparent=&quot;&quot; el_class=&quot;&quot; el_style=&quot;&quot; background_image=&quot;&quot;][bt_header superheadline=&quot;Dzia\u0142amy w 5 s\u0142owackich miastach &quot; headline=&quot;OSOBY KONTAKTOWE&quot; headline_size=&quot;extralarge&quot; title_style=&quot;btRegularTitle&quot; dash=&quot;bottom&quot; dash_style=&quot;btAccentDash&quot; subheadline=&quot;Jeste\u015bmy do Pa\u0144stwa dyspozycji.&quot; el_class=&quot;&quot; el_style=&quot;max-width: 800px;&quot;][\/bt_header][bt_hr top_spaced=&quot;not-spaced&quot; bottom_spaced=&quot;bottomSemiSpaced&quot; transparent_border=&quot;noBorder&quot; el_class=&quot;&quot;&hellip;\" \/>\n<meta name=\"robots\" content=\"index, follow, max-snippet:-1, max-image-preview:large, max-video-preview:-1\" \/>\n<link rel=\"canonical\" href=\"https:\/\/c-t.sk\/kontaktne-osoby\/\" \/>\n<meta property=\"og:locale\" content=\"pl_PL\" \/>\n<meta property=\"og:type\" content=\"article\" \/>\n<meta property=\"og:title\" content=\"Kontakt\" \/>\n<meta property=\"og:description\" content=\"[bt_section layout=&quot;boxed&quot; top_spaced=&quot;topExtraSpaced&quot; bottom_spaced=&quot;bottomMoreSpaced&quot; skin=&quot;dark&quot; full_screen=&quot;no&quot; vertical_align=&quot;inherit&quot; divider=&quot;no&quot; back_image=&quot;2108&quot; back_color=&quot;&quot; back_video=&quot;&quot; video_settings=&quot;&quot; parallax=&quot;0.1&quot; parallax_offset=&quot;-50&quot; el_id=&quot;&quot; el_class=&quot;&quot; el_style=&quot;&quot;][bt_row][bt_column width=&quot;1\/1&quot; align=&quot;left&quot; vertical_align=&quot;inherit&quot; border=&quot;no_border&quot; cell_padding=&quot;default&quot; animation=&quot;animate animate-fadein animate-moveleft&quot; text_indent=&quot;no_text_indent&quot; highlight=&quot;no_highlight&quot; background_color=&quot;&quot; transparent=&quot;&quot; el_class=&quot;&quot; el_style=&quot;&quot; background_image=&quot;&quot;][bt_header superheadline=&quot;Dzia\u0142amy w 5 s\u0142owackich miastach &quot; headline=&quot;OSOBY KONTAKTOWE&quot; headline_size=&quot;extralarge&quot; title_style=&quot;btRegularTitle&quot; dash=&quot;bottom&quot; dash_style=&quot;btAccentDash&quot; subheadline=&quot;Jeste\u015bmy do Pa\u0144stwa dyspozycji.&quot; el_class=&quot;&quot; el_style=&quot;max-width: 800px;&quot;][\/bt_header][bt_hr top_spaced=&quot;not-spaced&quot; bottom_spaced=&quot;bottomSemiSpaced&quot; transparent_border=&quot;noBorder&quot; el_class=&quot;&quot;&hellip;\" \/>\n<meta property=\"og:url\" content=\"https:\/\/c-t.sk\/kontaktne-osoby\/\" \/>\n<meta property=\"og:site_name\" content=\"C&amp;T a.s.\" \/>\n<meta property=\"article:modified_time\" content=\"2026-04-30T08:14:31+00:00\" \/>\n<meta name=\"twitter:card\" content=\"summary_large_image\" \/>\n<meta name=\"twitter:label1\" content=\"Szacowany czas czytania\" \/>\n\t<meta name=\"twitter:data1\" content=\"6 minut\" \/>\n<script type=\"application\/ld+json\" class=\"yoast-schema-graph\">{\"@context\":\"https:\/\/schema.org\",\"@graph\":[{\"@type\":\"WebSite\",\"@id\":\"https:\/\/c-t.sk\/#website\",\"url\":\"https:\/\/c-t.sk\/\",\"name\":\"C&T a.s.\",\"description\":\"Kami\u00f3nov\u00e1 doprava. Intermodal. \u017deleznica. Coln\u00e9 slu\u017eby.\",\"potentialAction\":[{\"@type\":\"SearchAction\",\"target\":{\"@type\":\"EntryPoint\",\"urlTemplate\":\"https:\/\/c-t.sk\/?s={search_term_string}\"},\"query-input\":\"required name=search_term_string\"}],\"inLanguage\":\"pl-PL\"},{\"@type\":\"WebPage\",\"@id\":\"https:\/\/c-t.sk\/kontaktne-osoby\/#webpage\",\"url\":\"https:\/\/c-t.sk\/kontaktne-osoby\/\",\"name\":\"Kontakty - C&T a.s.\",\"isPartOf\":{\"@id\":\"https:\/\/c-t.sk\/#website\"},\"datePublished\":\"2022-08-18T14:32:55+00:00\",\"dateModified\":\"2026-04-30T08:14:31+00:00\",\"description\":\"C-T a.s. je firma s 15 ro\u010dnou sk\u00fasenos\u0165ou v oblasti kami\u00f3novej prepravy a intermod\u00e1lnej prepravy. S\u00eddlime v 5 slovensk\u00fdch mest\u00e1ch.\",\"breadcrumb\":{\"@id\":\"https:\/\/c-t.sk\/kontaktne-osoby\/#breadcrumb\"},\"inLanguage\":\"pl-PL\",\"potentialAction\":[{\"@type\":\"ReadAction\",\"target\":[\"https:\/\/c-t.sk\/kontaktne-osoby\/\"]}]},{\"@type\":\"BreadcrumbList\",\"@id\":\"https:\/\/c-t.sk\/kontaktne-osoby\/#breadcrumb\",\"itemListElement\":[{\"@type\":\"ListItem\",\"position\":1,\"name\":\"Home\",\"item\":\"https:\/\/c-t.sk\/\"},{\"@type\":\"ListItem\",\"position\":2,\"name\":\"Kontakty\"}]}]}<\/script>\n<!-- \/ Yoast SEO plugin. -->","yoast_head_json":{"title":"Kontakt","description":"[bt_section layout=\"boxed\" top_spaced=\"topExtraSpaced\" bottom_spaced=\"bottomMoreSpaced\" skin=\"dark\" full_screen=\"no\" vertical_align=\"inherit\" divider=\"no\" back_image=\"2108\" back_color=\"\" back_video=\"\" video_settings=\"\" parallax=\"0.1\" parallax_offset=\"-50\" el_id=\"\" el_class=\"\" el_style=\"\"][bt_row][bt_column width=\"1\/1\" align=\"left\" vertical_align=\"inherit\" border=\"no_border\" cell_padding=\"default\" animation=\"animate animate-fadein animate-moveleft\" text_indent=\"no_text_indent\" highlight=\"no_highlight\" background_color=\"\" transparent=\"\" el_class=\"\" el_style=\"\" background_image=\"\"][bt_header superheadline=\"Dzia\u0142amy w 5 s\u0142owackich miastach \" headline=\"OSOBY KONTAKTOWE\" headline_size=\"extralarge\" title_style=\"btRegularTitle\" dash=\"bottom\" dash_style=\"btAccentDash\" subheadline=\"Jeste\u015bmy do Pa\u0144stwa dyspozycji.\" el_class=\"\" el_style=\"max-width: 800px;\"][\/bt_header][bt_hr top_spaced=\"not-spaced\" bottom_spaced=\"bottomSemiSpaced\" transparent_border=\"noBorder\" el_class=\"\"&hellip;","robots":{"index":"index","follow":"follow","max-snippet":"max-snippet:-1","max-image-preview":"max-image-preview:large","max-video-preview":"max-video-preview:-1"},"canonical":"https:\/\/c-t.sk\/kontaktne-osoby\/","og_locale":"pl_PL","og_type":"article","og_title":"Kontakt","og_description":"[bt_section layout=\"boxed\" top_spaced=\"topExtraSpaced\" bottom_spaced=\"bottomMoreSpaced\" skin=\"dark\" full_screen=\"no\" vertical_align=\"inherit\" divider=\"no\" back_image=\"2108\" back_color=\"\" back_video=\"\" video_settings=\"\" parallax=\"0.1\" parallax_offset=\"-50\" el_id=\"\" el_class=\"\" el_style=\"\"][bt_row][bt_column width=\"1\/1\" align=\"left\" vertical_align=\"inherit\" border=\"no_border\" cell_padding=\"default\" animation=\"animate animate-fadein animate-moveleft\" text_indent=\"no_text_indent\" highlight=\"no_highlight\" background_color=\"\" transparent=\"\" el_class=\"\" el_style=\"\" background_image=\"\"][bt_header superheadline=\"Dzia\u0142amy w 5 s\u0142owackich miastach \" headline=\"OSOBY KONTAKTOWE\" headline_size=\"extralarge\" title_style=\"btRegularTitle\" dash=\"bottom\" dash_style=\"btAccentDash\" subheadline=\"Jeste\u015bmy do Pa\u0144stwa dyspozycji.\" el_class=\"\" el_style=\"max-width: 800px;\"][\/bt_header][bt_hr top_spaced=\"not-spaced\" bottom_spaced=\"bottomSemiSpaced\" transparent_border=\"noBorder\" el_class=\"\"&hellip;","og_url":"https:\/\/c-t.sk\/kontaktne-osoby\/","og_site_name":"C&T a.s.","article_modified_time":"2026-04-30T08:14:31+00:00","twitter_card":"summary_large_image","twitter_misc":{"Szacowany czas czytania":"6 minut"},"schema":{"@context":"https:\/\/schema.org","@graph":[{"@type":"WebSite","@id":"https:\/\/c-t.sk\/#website","url":"https:\/\/c-t.sk\/","name":"C&T a.s.","description":"Kami\u00f3nov\u00e1 doprava. Intermodal. \u017deleznica. Coln\u00e9 slu\u017eby.","potentialAction":[{"@type":"SearchAction","target":{"@type":"EntryPoint","urlTemplate":"https:\/\/c-t.sk\/?s={search_term_string}"},"query-input":"required name=search_term_string"}],"inLanguage":"pl-PL"},{"@type":"WebPage","@id":"https:\/\/c-t.sk\/kontaktne-osoby\/#webpage","url":"https:\/\/c-t.sk\/kontaktne-osoby\/","name":"Kontakty - C&T a.s.","isPartOf":{"@id":"https:\/\/c-t.sk\/#website"},"datePublished":"2022-08-18T14:32:55+00:00","dateModified":"2026-04-30T08:14:31+00:00","description":"C-T a.s. je firma s 15 ro\u010dnou sk\u00fasenos\u0165ou v oblasti kami\u00f3novej prepravy a intermod\u00e1lnej prepravy. S\u00eddlime v 5 slovensk\u00fdch mest\u00e1ch.","breadcrumb":{"@id":"https:\/\/c-t.sk\/kontaktne-osoby\/#breadcrumb"},"inLanguage":"pl-PL","potentialAction":[{"@type":"ReadAction","target":["https:\/\/c-t.sk\/kontaktne-osoby\/"]}]},{"@type":"BreadcrumbList","@id":"https:\/\/c-t.sk\/kontaktne-osoby\/#breadcrumb","itemListElement":[{"@type":"ListItem","position":1,"name":"Home","item":"https:\/\/c-t.sk\/"},{"@type":"ListItem","position":2,"name":"Kontakty"}]}]}},"_links":{"self":[{"href":"https:\/\/c-t.sk\/wp-json\/wp\/v2\/pages\/2597"}],"collection":[{"href":"https:\/\/c-t.sk\/wp-json\/wp\/v2\/pages"}],"about":[{"href":"https:\/\/c-t.sk\/wp-json\/wp\/v2\/types\/page"}],"author":[{"embeddable":true,"href":"https:\/\/c-t.sk\/wp-json\/wp\/v2\/users\/5"}],"replies":[{"embeddable":true,"href":"https:\/\/c-t.sk\/wp-json\/wp\/v2\/comments?post=2597"}],"version-history":[{"count":78,"href":"https:\/\/c-t.sk\/wp-json\/wp\/v2\/pages\/2597\/revisions"}],"predecessor-version":[{"id":3731,"href":"https:\/\/c-t.sk\/wp-json\/wp\/v2\/pages\/2597\/revisions\/3731"}],"wp:attachment":[{"href":"https:\/\/c-t.sk\/wp-json\/wp\/v2\/media?parent=2597"}],"curies":[{"name":"wp","href":"https:\/\/api.w.org\/{rel}","templated":true}]}}